{"id":323,"date":"2012-11-19T17:44:54","date_gmt":"2012-11-19T17:44:54","guid":{"rendered":"http:\/\/blogs.lasprovincias.es\/elfrancotirador\/wp-content\/uploads\/sites\/17\/2012\/11\/Baldo1.jpg"},"modified":"2012-11-19T17:44:54","modified_gmt":"2012-11-19T17:44:54","slug":"docu_lp-los-cuatro-candidatos-al-congreso-por-valencia-con-el-moderador-2","status":"inherit","type":"attachment","link":"https:\/\/blogs.lasprovincias.es\/elfrancotirador\/2012\/11\/19\/baldovi-el-opaco-y-iii\/docu_lp-los-cuatro-candidatos-al-congreso-por-valencia-con-el-moderador-2\/","title":{"rendered":"DOCU_LP Los Cuatro Candidatos Al Congreso Por Valencia Con El Moderador"},"author":22,"comment_status":"open","ping_status":"closed","template":"","meta":[],"description":{"rendered":"<p class=\"attachment\"><a href=\"https:\/\/static-blogs.lasprovincias.es\/wp-content\/uploads\/sites\/17\/2012\/11\/Baldo1.jpg\"><img width=\"113\" height=\"300\" src=\"https:\/\/static-blogs.lasprovincias.es\/wp-content\/uploads\/sites\/17\/2012\/11\/Baldo1-113x300.jpg\" class=\"attachment-medium size-medium\" alt=\"\" loading=\"lazy\" srcset=\"https:\/\/static-blogs.lasprovincias.es\/wp-content\/uploads\/sites\/17\/2012\/11\/Baldo1-113x300.jpg 113w, https:\/\/static-blogs.lasprovincias.es\/wp-content\/uploads\/sites\/17\/2012\/11\/Baldo1-225x600.jpg 225w, https:\/\/static-blogs.lasprovincias.es\/wp-content\/uploads\/sites\/17\/2012\/11\/Baldo1.jpg 300w\" sizes=\"(max-width: 113px) 100vw, 113px\" \/><\/a><\/p>\n<p>17\/11\/2011 Los Cuatro Candidatos Al Congreso Por Valencia Con El Moderador .<\/p>\n<p>(INFORMACI\u00d3N EMBARGADA HASTA LAS 00.30 HORAS DEL VIERNES) Baldov\u00ed (Comprom\u00eds) critica la creaci\u00f3n del aeropuerto &#8220;peatonal&#8221; de Castell\u00f3n y Sixto (EUPV) lamenta la falta de inversi\u00f3n en Cercan\u00edas<\/p>\n<p>COMUNIDAD VALENCIANA POL\u00cdTICA ESPA\u00d1A EUROPA<\/p>\n<p>CANAL 9<\/p>\n<!-- AddThis Advanced Settings generic via filter on the_content --><!-- AddThis Share Buttons generic via filter on the_content -->"},"caption":{"rendered":"<p>17\/11\/2011 Los Cuatro Candidatos Al Congreso Por Valencia Con El Moderador . (INFORMACI\u00d3N EMBARGADA HASTA LAS 00.30 HORAS DEL VIERNES) Baldov\u00ed (Comprom\u00eds) critica la creaci\u00f3n del aeropuerto &#8220;peatonal&#8221; de Castell\u00f3n y Sixto (EUPV) lamenta la falta de inversi\u00f3n en Cercan\u00edas COMUNIDAD VALENCIANA POL\u00cdTICA ESPA\u00d1A EUROPA CANAL 9<!-- AddThis Advanced Settings generic via filter on get_the_excerpt --><!-- AddThis Share Buttons generic via filter on get_the_excerpt --><\/p>\n"},"alt_text":"","media_type":"image","mime_type":"image\/jpeg","media_details":{"width":300,"height":800,"file":"2012\/11\/Baldo1.jpg","sizes":{"thumbnail":{"file":"Baldo1-150x150.jpg","width":150,"height":150,"mime_type":"image\/jpeg","source_url":"https:\/\/blogs.lasprovincias.es\/elfrancotirador\/wp-content\/uploads\/sites\/17\/2012\/11\/Baldo1-150x150.jpg"},"medium":{"file":"Baldo1-113x300.jpg","width":113,"height":300,"mime_type":"image\/jpeg","source_url":"https:\/\/blogs.lasprovincias.es\/elfrancotirador\/wp-content\/uploads\/sites\/17\/2012\/11\/Baldo1-113x300.jpg"},"large":{"file":"Baldo1-225x600.jpg","width":225,"height":600,"mime_type":"image\/jpeg","source_url":"https:\/\/blogs.lasprovincias.es\/elfrancotirador\/wp-content\/uploads\/sites\/17\/2012\/11\/Baldo1-225x600.jpg"},"full":{"file":"Baldo1.jpg","width":300,"height":800,"mime_type":"image\/jpeg","source_url":"https:\/\/blogs.lasprovincias.es\/elfrancotirador\/wp-content\/uploads\/sites\/17\/2012\/11\/Baldo1.jpg"}},"image_meta":{"aperture":"0","credit":"Europa Press","camera":"","caption":"17\/11\/2011 Los Cuatro Candidatos Al Congreso Por Valencia Con El Moderador .\r\r\r\r(INFORMACI\u00d3N EMBARGADA HASTA LAS 00.30 HORAS DEL VIERNES) Baldov\u00ed (Comprom\u00eds) critica la creaci\u00f3n del aeropuerto \"peatonal\" de Castell\u00f3n y Sixto (EUPV) lamenta la falta de inversi\u00f3n en Cercan\u00edas\r\r\r\rCOMUNIDAD VALENCIANA POL\u00cdTICA ESPA\u00d1A EUROPA\r\rCANAL 9","created_timestamp":"1321529916","copyright":"Europa Press 2011","focal_length":"0","iso":"0","shutter_speed":"0","title":"DOCU_LP Los Cuatro Candidatos Al Congreso Por Valencia Con El Moderador","orientation":"0","keywords":["COMUNIDAD VALENCIANA;POL\u00cdTICA;ESPA\u00d1A;EUROPA"]}},"post":318,"source_url":"https:\/\/blogs.lasprovincias.es\/elfrancotirador\/wp-content\/uploads\/sites\/17\/2012\/11\/Baldo1.jpg","_links":{"self":[{"href":"https:\/\/blogs.lasprovincias.es\/elfrancotirador\/wp-json\/wp\/v2\/media\/323"}],"collection":[{"href":"https:\/\/blogs.lasprovincias.es\/elfrancotirador\/wp-json\/wp\/v2\/media"}],"about":[{"href":"https:\/\/blogs.lasprovincias.es\/elfrancotirador\/wp-json\/wp\/v2\/types\/attachment"}],"author":[{"embeddable":true,"href":"https:\/\/blogs.lasprovincias.es\/elfrancotirador\/wp-json\/wp\/v2\/users\/22"}],"replies":[{"embeddable":true,"href":"https:\/\/blogs.lasprovincias.es\/elfrancotirador\/wp-json\/wp\/v2\/comments?post=323"}]}}